{"id":1494,"date":"2025-01-12T12:56:12","date_gmt":"2025-01-12T12:56:12","guid":{"rendered":"https:\/\/gregorpraecht.com\/?page_id=1494"},"modified":"2025-09-13T11:46:34","modified_gmt":"2025-09-13T11:46:34","slug":"biographie","status":"publish","type":"page","link":"http:\/\/gregorpraecht.com\/en\/biographie\/","title":{"rendered":"Biography"},"content":{"rendered":"<p>[et_pb_section fb_built=&#8220;1&#8243; _builder_version=&#8220;4.21.0&#8243; _module_preset=&#8220;default&#8220; background_color=&#8220;#f4f4f4&#8243; background_enable_image=&#8220;off&#8220; background_size=&#8220;contain&#8220; background_position=&#8220;center_left&#8220; custom_margin=&#8220;-22px|||||&#8220; custom_padding=&#8220;3px||22px|||&#8220; global_colors_info=&#8220;{}&#8220;][et_pb_row _builder_version=&#8220;4.21.0&#8243; _module_preset=&#8220;default&#8220; width=&#8220;90%&#8220; max_width=&#8220;2560px&#8220; custom_padding=&#8220;54px||11px|||&#8220; global_colors_info=&#8220;{}&#8220;][et_pb_column type=&#8220;4_4&#8243; _builder_version=&#8220;4.21.0&#8243; _module_preset=&#8220;default&#8220; global_colors_info=&#8220;{}&#8220;][et_pb_text _builder_version=&#8220;4.21.0&#8243; _module_preset=&#8220;default&#8220; header_font=&#8220;Playfair Display||||||||&#8220; header_font_size=&#8220;71px&#8220; header_2_font=&#8220;Playfair Display||||||||&#8220; header_2_text_color=&#8220;#000000&#8243; header_2_font_size=&#8220;36px&#8220; custom_margin=&#8220;|2px||||&#8220; header_font_size_tablet=&#8220;71px&#8220; header_font_size_phone=&#8220;31px&#8220; header_font_size_last_edited=&#8220;on|phone&#8220; header_2_font_size_tablet=&#8220;36px&#8220; header_2_font_size_phone=&#8220;21px&#8220; header_2_font_size_last_edited=&#8220;on|phone&#8220; global_colors_info=&#8220;{}&#8220;]<\/p>\n<h1 style=\"text-align: left;\"><strong>Biography<\/strong><\/h1>\n<h2 style=\"text-align: left;\">Tenor \u2013 Composer - Producer<\/h2>\n<p>[\/et_pb_text][\/et_pb_column][\/et_pb_row][et_pb_row column_structure=&#8220;2_3,1_3&#8243; _builder_version=&#8220;4.21.0&#8243; _module_preset=&#8220;default&#8220; z_index=&#8220;91&#8243; width=&#8220;90%&#8220; width_tablet=&#8220;90%&#8220; width_phone=&#8220;90%&#8220; width_last_edited=&#8220;on|phone&#8220; max_width=&#8220;2560px&#8220; custom_padding=&#8220;13px|||||&#8220; global_colors_info=&#8220;{}&#8220;][et_pb_column type=&#8220;2_3&#8243; _builder_version=&#8220;4.21.0&#8243; _module_preset=&#8220;default&#8220; global_colors_info=&#8220;{}&#8220;][et_pb_text _builder_version=&#8220;4.21.0&#8243; _module_preset=&#8220;default&#8220; text_font=&#8220;Playfair Display||||||||&#8220; text_text_color=&#8220;#474747&#8243; text_font_size=&#8220;18px&#8220; text_letter_spacing=&#8220;1px&#8220; text_line_height=&#8220;1.4em&#8220; background_color=&#8220;RGBA(255,255,255,0)&#8220; text_orientation=&#8220;justified&#8220; custom_margin=&#8220;||0px||false|false&#8220; custom_padding=&#8220;0px|0px|60px|0px|false|false&#8220; custom_padding_tablet=&#8220;20px|30px|0px|20px|false|false&#8220; custom_padding_phone=&#8220;0px|0px|0px|0px|false|false&#8220; custom_padding_last_edited=&#8220;on|phone&#8220; border_radii=&#8220;on|6px|6px|6px|6px&#8220; border_radii_tablet=&#8220;on|20px|20px|20px|20px&#8220; border_radii_phone=&#8220;on|0px|0px|0px|0px&#8220; border_radii_last_edited=&#8220;on|phone&#8220; global_colors_info=&#8220;{}&#8220;]<\/p>\n<p>Gregor Pr\u00e4cht ist ein vielseitiger Tenor und Musiker, der auch als Texter, Komponist und Produzent erfolgreich ist. Schon in jungen Jahren zeigte er sein Talent, trat mit 11 Jahren auf dem N\u00fcrnberger Christkindlesmarkt auf und sang mit 15 Jahren im United States Army Gospelchor. Er studierte bei renommierten Lehrern wie Carlo Bergonzi und hatte als j\u00fcngster Tenor Auftritte bei den Salzburger Festspielen. Mit 19 Jahren initiierte er Crossover-Projekte mit der Dresdner Philharmonie und tourte sp\u00e4ter durch die USA und Europa.<\/p>\n<p>Er sang und produzierte mit zahlreichen bekannten K\u00fcnstlern, darunter Al Jarreau, Luciano Pavarotti und die Gipsy Kings. Seine Stimme ist auch in der Animationsserie &#8222;Simsala Grimm&#8220; bekannt. Pr\u00e4cht komponierte das Lied &#8222;My Song Lives On&#8220; f\u00fcr die hawaiianische K\u00f6nigin Lili&#8217;uokalani und engagiert sich f\u00fcr wohlt\u00e4tige Zwecke, insbesondere f\u00fcr kranke und Waisenkinder.<\/p>\n<p>Er ist Grammy Voting-Mitglied und erhielt 2019 den Ehrentitel &#8222;Prof. h.c.&#8220; von zwei Universit\u00e4ten f\u00fcr seine musikalischen Leistungen. Seine Karriere umfasst internationale Auftritte, darunter eine Gala mit dem St. Petersburger Symphonieorchester und ausverkaufte Jubil\u00e4umsshows in M\u00fcnchen. Quincy Jones bezeichnete ihn als &#8222;die Stimme der Zukunft und des Heute.&#8220;<\/p>\n<p>[\/et_pb_text][et_pb_toggle title=&#8220;Biographie&#8220; closed_toggle_background_color=&#8220;#FFFFFF&#8220; icon_color=&#8220;#000000&#8243; _builder_version=&#8220;4.21.0&#8243; _module_preset=&#8220;default&#8220; title_text_color=&#8220;#000000&#8243; title_font=&#8220;Playfair Display|700|||||||&#8220; body_font=&#8220;Playfair Display||||||||&#8220; body_text_color=&#8220;#1F1F1F&#8220; body_font_size=&#8220;17px&#8220; z_index=&#8220;500&#8243; border_radii=&#8220;on|20px|20px|20px|20px&#8220; global_colors_info=&#8220;{}&#8220;]<\/p>\n<p>Gregor Pr\u00e4cht is a versatile tenor and musician who has made his mark as a lyricist, composer and producer.<\/p>\n<p>Gregor already showed his musical talent at a young age. At the age of only 11, he made his first public appearance as a \"child of the people\" at the Nuremberg Christkindlesmarkt. One year later, he already had his first solo part in a children's opera at the opera house. At the age of 15, Gregor sang in the United States Army Gospel Choir and led his own band until he graduated from high school.<span> Gregor Pr\u00e4cht was the youngest tenor ever to perform at the Salzburg Festival\/Easter Gala.<\/span><\/p>\n<p>He received his musical education from renowned teachers such as Maestro Miguel Baraldes and Maestro Carlo Bergonzi, an outstanding tenor and principal singing partner of Maria Callas, from whom he earned his diploma.<\/p>\n<p>Es ist interessant zu spekulieren, wie Mentoren und Vorbilder das Leben und die Karriere von K\u00fcnstlern beeinflussen k\u00f6nnen. Die tiefe Bindung zu Al Jarreau k\u00f6nnte ebenfalls wichtige Impulse gegeben haben. Solche Beziehungen k\u00f6nnen k\u00fcnstlerisches Wachstum und pers\u00f6nliche Entwicklung stark beeinflussen.<\/p>\n<p>Gregor Pr\u00e4cht distinguished himself at the age of 19, when he became the first artist to win the Dresden Philharmonic Orchestra for crossover projects. He toured the USA at the age of 21 and by 25 was singing in major European cities, including Austria, Italy and Scandinavia.<\/p>\n<p>Sein erstes Konzert in Hawaii im Jahr 1992 markierte einen Meilenstein in seiner Karriere. Gregor Pr\u00e4cht hat im Laufe seiner Karriere im Duett mit bekannten K\u00fcnstlern wie Al Jarreau, Toni Childs, Adrian Werum, Klaus Meine (Scorpions), Henry Kapono, <span>Antonia Bennett, Jamie Lawrence, Judith Lefeber(DSDS\/rtl), Gipsy Kings, Philippe Chretien, Anna Maria Kaufmann, \u00a0Luc Plamondon, Alex Wilson, TicTacToe, Patricia Kelly, Paula Be, Kiko Masbaum, Valerio Calisse, Francesca Garbi, Viviana Staffini, Richard Parks, Miguel Baraldes, Lutz Neugebauer, Tom Reif, Luis Miguel und Luciano Pavarotti gearbeitet<\/span>. <span>He is the original voice of the animated series Simsala Grimm which has been broadcast in over 30 countries since its release in 1999.<\/span><\/p>\n<p>His repertoire ranges from the great tenor arias and songs in opera and concert halls to his own compositions and light music. He is especially proud of his song \"My Song Lives On,\" which he wrote for the real Queen of Hawaii, Queen Lili'uokalani. This work has brought him together with officials in Germany and Hawaii.<\/p>\n<p>Gregor Pr\u00e4cht has numerous releases, including classical and live CDs, maxisingles with well-known artists and CDs for Steiff teddy bears. He is an artist with increasing success worldwide and is constantly evolving.<\/p>\n<p>Besides his passion for music, he is involved in charitable causes, especially for sick children and orphans. He is also actively involved in the promotion of young talent.<\/p>\n<p>Gregor Pr\u00e4cht is an ever-traveling man, learning from new experiences and his idols such as Pl\u00e1cido Domingo and Luciano Pavarotti. Quincy Jones aptly describes him as \"the voice of the future and today,\" and Al Jarreau calls him \"a unique voice and most valuable human being.\" His life is all about music, his family, friends and fans.<\/p>\n<p>In addition to his diverse musical experiences, Gregor Pr\u00e4cht also had the opportunity to experience collaborative performances with the renowned Gipsy Kings. These collaborative performances enriched his repertoire and demonstrated his ability to hold his own in different musical styles and to work with globally respected artists. The association with the Gipsy Kings is another impressive milestone in the impressive career of Gregor Pr\u00e4cht.<\/p>\n<p>During the period from 2022 to 2023, Gregor Pr\u00e4cht continued his musical involvement by hosting monthly recitals for Nordoff Robbin's Music Therapy. This valuable work demonstrated his social commitment and dedication to helping others through music.<\/p>\n<p>Another highlight during this period was the glamorous gala with the St. Petersburg Symphony Orchestra in Meerbusch. This event underlines his ability to perform on an international level with renowned orchestras and to present his musical excellence.<\/p>\n<p>In addition, Gregor Pr\u00e4cht thrilled his audience with two sold-out shows on the occasion of his 40th stage anniversary in Munich. This significant anniversary is a testament to his enduring popularity and talent to inspire people all over the world with his music.<\/p>\n<p>Since 2019, Gregor Pr\u00e4cht is also an official member of the Grammy Voting. This recognition in the music industry is further proof of his expertise and commitment to the world of music. His membership allows him to participate in the selection and evaluation of outstanding musical achievements and to help shape the future of music.<\/p>\n<p>In 2019, Gregor Pr\u00e4cht was awarded the honorary title of \"Prof. h.c.\"(honorary professor) for his outstanding musical achievements and services to music at two renowned universities. These awards underline his exceptional musical expertise and his contribution to musical education and culture. Gregor Pr\u00e4cht was thus honored for his commitment and influence in the music world at the highest academic level.<\/p>\n<p>[\/et_pb_toggle][et_pb_code _builder_version=&#8220;4.21.0&#8243; _module_preset=&#8220;default&#8220; global_colors_info=&#8220;{}&#8220;][\/et_pb_code][et_pb_toggle title=&#8220;K\u00fcnsterlischer Lebenslauf&#8220; closed_toggle_background_color=&#8220;#FFFFFF&#8220; icon_color=&#8220;#000000&#8243; _builder_version=&#8220;4.21.0&#8243; _module_preset=&#8220;default&#8220; title_text_color=&#8220;#000000&#8243; title_font=&#8220;Playfair Display|700|||||||&#8220; body_font=&#8220;Playfair Display||||||||&#8220; body_text_color=&#8220;#1F1F1F&#8220; body_font_size=&#8220;17px&#8220; z_index=&#8220;500&#8243; custom_margin=&#8220;6px|||||&#8220; border_radii=&#8220;on|20px|20px|20px|20px&#8220; global_colors_info=&#8220;{}&#8220;]<\/p>\n<ul>\n<li><span>General music education with 5 years at private music schools.<\/span><\/li>\n<li>Voice training at age 8, with A. Puchner at age 11.<\/li>\n<li>Baccalaureate at the Musisches Gymnasium in Music\/English\/Economics-R\/German. Vocal training from the age of 16 with P. Petrov (Russia), M. Baraldes (Spain) and Carlo Bergonzi (Italy).<\/li>\n<li>1990 - Performance during the Salzburg Festival - Easter Gala in the Aula with Karl Ridderbusch and others.<\/li>\n<li><em>Magie der Musik<\/em>-Benefit gala with the Dresden Philharmonic Orchestra and international star soloists (first SAT 1 recording).<\/li>\n<li><em>Canzoni d \u0301amore<\/em> Recitals and galas.<\/li>\n<li>1992 - Song recitals with the conductor Carl-Robert Helg (T.V. u. Radio).<\/li>\n<li>1992 - Master singer title by Mo Carlo Bergonzi at the Accademia Verdiana, Busseto\/Italy.<\/li>\n<li>Until 1999 at the theater parma various opera productions in connection with the Accademia (gran teatro).<\/li>\n<li>Traditional Christmas concerts in Nuremberg's Friedenskirche.<\/li>\n<li>International Easter concerts since 1992 (churches and concert halls).<\/li>\n<li>Gala concert with ORF - recording of the 170th anniversary of the Christmas carol \"Silent Night - Holy Night\" in F\u00fcgen, Zillertal. Main artist of the concert\/TV show.<\/li>\n<li>1994 &#8211; <em>Concerts for Kids<\/em> in the USA - various, classical concerts for children in schools and concert halls.<\/li>\n<li>1994 - Recordings with David Benoit - Demo CD <em>Musikalische Welten<\/em> - first aria of the joint opera <em>Central Park<\/em> at Oceanway Studios and 29th Street Studios, Los Angeles.<\/li>\n<li>1994 - Opening ceremonies of the new Arts Cultural Center \/ Opera House with the Maui Symphony Orchestra on Maui\/Hawaii, for the United States of America, (Senate) classical performance of Carmina Burana by Carl Orff included.<\/li>\n<li>1990-96 - \"an evening with GREGOR PR\u00c4CHT, tenor...\" - performances in Germany, Austria, Switzerland, England, and the USA.<\/li>\n<li>1996-99 Performances \/ various roles at opera houses and festivals in Europe and the USA (including Portland Opera).<\/li>\n<\/ul>\n<p>[\/et_pb_toggle][et_pb_toggle title=&#8220;Weitere Projekte&#8220; closed_toggle_background_color=&#8220;#FFFFFF&#8220; icon_color=&#8220;#000000&#8243; _builder_version=&#8220;4.21.0&#8243; _module_preset=&#8220;default&#8220; title_text_color=&#8220;#000000&#8243; title_font=&#8220;Playfair Display|700|||||||&#8220; body_font=&#8220;Playfair Display||||||||&#8220; body_text_color=&#8220;#1F1F1F&#8220; body_font_size=&#8220;17px&#8220; body_link_font=&#8220;|700|||||||&#8220; body_link_text_color=&#8220;#000000&#8243; z_index=&#8220;500&#8243; border_radii=&#8220;on|20px|20px|20px|20px&#8220; global_colors_info=&#8220;{}&#8220;]<\/p>\n<ul>\n<li>1981-1984 - Opera performances in <em>Der kleine Schornsteinfeger<\/em> and <em>H\u00e4nsel und Gretel<\/em>, at the Nuremberg Opera.<\/li>\n<li>1986-1988 - various performances for the benefit of K.H. B\u00f6hm's aid organization <em>Menschen f\u00fcr Menschen,<\/em> Studio recordings and recitals.<\/li>\n<li>1990 <em>Ebe for Africa<\/em>, Gala with various artists, Gregor Pr\u00e4cht with piano solo.<\/li>\n<li>Direction, leading role, production in the self-staged musical <em>A Chorus Line<\/em> 1985-87 in the theater in Nuremberg, which was converted for this purpose.<\/li>\n<li>1985-1990 weekly worship services and concerts with the International Baptist Gospelchoir as well as founding and directing the <em>Curt Goetz theater group<\/em>, own acting school with regular performances.<\/li>\n<li>Various jazz\/classical +crossover productions for classical recitals and Arie Antiche with the greatest jazz musicians of the USA, David Benoit (piano) and Eric Marienthal (saxophone).<\/li>\n<li>1992 - publication of his first lyrical book <em>Gedanken und Gedichte<\/em>.<\/li>\n<li>Leading role in the film <em>Laughing boy-Song from the Heart<\/em>, Marlboro Project 1992 Santa Fe, New Mexico - a story about the clash of Native American and European cultures.<\/li>\n<li><span>Annual Advent concerts in the Monastero Santa Maria degli Angeli Italy, highlighted in the program \"Frohes Fest mit Fritz Egner\", SAT1 1997<\/span><\/li>\n<li>Gregor Pr\u00e4cht TV show and interviews with Quincy Jones, Al Jarreau, Joe Sample, David Benoit, Beach Boys, Michel Legrand, Elton John, Depeche Mode and others on FF (Frequenz RTL Bayern).<\/li>\n<li><span>Theatre MACC built inspired by Gregor Pr\u00e4cht on Maui Hawaii, Opening Show 3 times sold out<\/span><\/li>\n<li><span>Gregor Pr\u00e4cht Masterclasses since 2012<\/span><\/li>\n<li><span>RHONY\/Bravo TV Guest apperance artist 2017\/2018<\/span><\/li>\n<li><span>Acting classes David Gideon, Lee Strassberg, NYC 2017-2023<\/span><span><\/span><\/li>\n<li><span>Performances in all big European Saturday Night TV\/Musicshows<\/span><\/li>\n<li><span>Ronald McDonald Waisenhaus Patronate<\/span><\/li>\n<li><span>Advisory board Nordoff Robbins Musiktherapie Germany<\/span><\/li>\n<li><span>Advisory board Matchspace Music<\/span><\/li>\n<li><span>Individualized Open Space Music: <a href=\"http:\/\/www.yourkey.me\">www.yourkey.me<\/a><br \/><\/span><\/li>\n<li>&#8222;Glaube mir&#8220; Tour 2025\/26<span><\/span><\/li>\n<\/ul>\n<p>[\/et_pb_toggle][et_pb_toggle title=&#8220;PR Tenor&#8220; closed_toggle_background_color=&#8220;#FFFFFF&#8220; icon_color=&#8220;#000000&#8243; _builder_version=&#8220;4.21.0&#8243; _module_preset=&#8220;default&#8220; title_text_color=&#8220;#000000&#8243; title_font=&#8220;Playfair Display|700|||||||&#8220; body_font=&#8220;Playfair Display||||||||&#8220; body_text_color=&#8220;#1F1F1F&#8220; body_font_size=&#8220;17px&#8220; z_index=&#8220;500&#8243; custom_margin=&#8220;||7px|||&#8220; hover_enabled=&#8220;0&#8243; border_radii=&#8220;on|20px|20px|20px|20px&#8220; global_colors_info=&#8220;{}&#8220; sticky_enabled=&#8220;0&#8243;]<\/p>\n<p><img decoding=\"async\" src=\"https:\/\/gregorpraecht.com\/wp-content\/uploads\/2024\/04\/IMG_9580-rotated.jpg\" width=\"741\" height=\"988\" alt=\"\" class=\"wp-image-1250 alignnone size-medium\" style=\"display: block; margin-left: auto; margin-right: auto;\" \/><img decoding=\"async\" src=\"https:\/\/gregorpraecht.com\/wp-content\/uploads\/2024\/04\/IMG_9579-rotated.jpg\" width=\"754\" height=\"1005\" alt=\"\" class=\"wp-image-1251 alignnone size-medium\" style=\"display: block; margin-left: auto; margin-right: auto;\" \/><img decoding=\"async\" src=\"https:\/\/gregorpraecht.com\/wp-content\/uploads\/2024\/04\/IMG_9578-rotated.jpg\" width=\"722\" height=\"963\" alt=\"\" class=\"wp-image-1252 alignnone size-medium\" style=\"display: block; margin-left: auto; margin-right: auto;\" \/><img decoding=\"async\" src=\"https:\/\/gregorpraecht.com\/wp-content\/uploads\/2024\/04\/IMG_9576-rotated.jpg\" width=\"720\" height=\"960\" alt=\"\" class=\"wp-image-1253 alignnone size-medium\" style=\"display: block; margin-left: auto; margin-right: auto;\" \/><br \/><img decoding=\"async\" src=\"https:\/\/gregorpraecht.com\/wp-content\/uploads\/2024\/04\/IMG_9577-rotated.jpg\" width=\"718\" height=\"957\" alt=\"\" class=\"wp-image-1254 alignnone size-medium\" style=\"display: block; margin-left: auto; margin-right: auto;\" \/><img decoding=\"async\" src=\"https:\/\/gregorpraecht.com\/wp-content\/uploads\/2024\/04\/IMG_9575.jpg\" width=\"715\" height=\"953\" alt=\"\" class=\"wp-image-1255 alignnone size-medium\" style=\"display: block; margin-left: auto; margin-right: auto;\" \/><br \/><img decoding=\"async\" src=\"https:\/\/gregorpraecht.com\/wp-content\/uploads\/2024\/04\/IMG_9574-rotated.jpg\" width=\"718\" height=\"957\" alt=\"\" class=\"wp-image-1256 alignnone size-medium\" style=\"display: block; margin-left: auto; margin-right: auto;\" \/><br \/><img decoding=\"async\" src=\"https:\/\/gregorpraecht.com\/wp-content\/uploads\/2024\/04\/IMG_9573-rotated.jpg\" width=\"718\" height=\"957\" alt=\"\" class=\"wp-image-1257 alignnone size-medium\" style=\"display: block; margin-left: auto; margin-right: auto;\" \/><br \/><img decoding=\"async\" src=\"https:\/\/gregorpraecht.com\/wp-content\/uploads\/2024\/04\/IMG_9572-rotated.jpg\" width=\"716\" height=\"955\" alt=\"\" class=\"wp-image-1258 alignnone size-medium\" style=\"display: block; margin-left: auto; margin-right: auto;\" \/><br \/><img decoding=\"async\" src=\"https:\/\/gregorpraecht.com\/wp-content\/uploads\/2024\/04\/IMG_9571-rotated.jpg\" width=\"717\" height=\"956\" alt=\"\" class=\"wp-image-1259 alignnone size-medium\" style=\"display: block; margin-left: auto; margin-right: auto;\" \/><br \/><img decoding=\"async\" src=\"https:\/\/gregorpraecht.com\/wp-content\/uploads\/2024\/04\/IMG_9570-rotated.jpg\" width=\"716\" height=\"955\" alt=\"\" class=\"wp-image-1260 alignnone size-medium\" style=\"display: block; margin-left: auto; margin-right: auto;\" \/><br \/><img decoding=\"async\" src=\"https:\/\/gregorpraecht.com\/wp-content\/uploads\/2024\/04\/IMG_9569-rotated.jpg\" width=\"719\" height=\"959\" alt=\"\" class=\"wp-image-1261 alignnone size-full\" style=\"display: block; margin-left: auto; margin-right: auto;\" \/><br \/><img decoding=\"async\" src=\"https:\/\/gregorpraecht.com\/wp-content\/uploads\/2024\/04\/IMG_9568-rotated.jpg\" width=\"721\" height=\"962\" alt=\"\" class=\"wp-image-1262 alignnone size-full\" style=\"display: block; margin-left: auto; margin-right: auto;\" \/><img decoding=\"async\" src=\"https:\/\/gregorpraecht.com\/wp-content\/uploads\/2024\/04\/IMG_9567.jpg\" width=\"717\" height=\"538\" alt=\"\" class=\"wp-image-1263 alignnone size-full\" style=\"display: block; margin-left: auto; margin-right: auto;\" \/><img decoding=\"async\" src=\"https:\/\/gregorpraecht.com\/wp-content\/uploads\/2024\/04\/IMG_9566-rotated.jpg\" width=\"711\" height=\"948\" alt=\"\" class=\"wp-image-1264 alignnone size-full\" style=\"display: block; margin-left: auto; margin-right: auto;\" \/><img decoding=\"async\" src=\"https:\/\/gregorpraecht.com\/wp-content\/uploads\/2024\/04\/IMG_9565-rotated.jpg\" width=\"714\" height=\"952\" alt=\"\" class=\"wp-image-1265 alignnone size-full\" style=\"display: block; margin-left: auto; margin-right: auto;\" \/><img decoding=\"async\" src=\"https:\/\/gregorpraecht.com\/wp-content\/uploads\/2024\/04\/IMG_9564.jpg\" width=\"711\" height=\"533\" alt=\"\" class=\"wp-image-1266 alignnone size-full\" style=\"display: block; margin-left: auto; margin-right: auto;\" \/><img decoding=\"async\" src=\"https:\/\/gregorpraecht.com\/wp-content\/uploads\/2024\/04\/IMG_9563-rotated.jpg\" width=\"711\" height=\"948\" alt=\"\" class=\"wp-image-1267 alignnone size-full\" style=\"display: block; margin-left: auto; margin-right: auto;\" \/><img decoding=\"async\" src=\"https:\/\/gregorpraecht.com\/wp-content\/uploads\/2024\/04\/IMG_9561.jpg\" width=\"707\" height=\"531\" alt=\"\" class=\"wp-image-1269 alignnone size-full\" style=\"display: block; margin-left: auto; margin-right: auto;\" \/><img decoding=\"async\" src=\"https:\/\/gregorpraecht.com\/wp-content\/uploads\/2024\/04\/IMG_9560-rotated.jpg\" width=\"708\" height=\"944\" alt=\"\" class=\"wp-image-1270 alignnone size-full\" style=\"display: block; margin-left: auto; margin-right: auto;\" \/><img decoding=\"async\" src=\"https:\/\/gregorpraecht.com\/wp-content\/uploads\/2024\/04\/IMG_9559-rotated.jpg\" width=\"710\" height=\"947\" alt=\"\" class=\"wp-image-1271 alignnone size-full\" style=\"display: block; margin-left: auto; margin-right: auto;\" \/><\/p>\n<p><img decoding=\"async\" src=\"https:\/\/gregorpraecht.com\/wp-content\/uploads\/2025\/01\/The-\u2018Housewives-wedding-you-wont-see-on-TV-Page-Six-1-scaled.jpg\" width=\"1507\" height=\"2560\" alt=\"\" class=\"wp-image-1553 alignnone size-full\" srcset=\"https:\/\/gregorpraecht.com\/wp-content\/uploads\/2025\/01\/The-\u2018Housewives-wedding-you-wont-see-on-TV-Page-Six-1-scaled.jpg 1507w, https:\/\/gregorpraecht.com\/wp-content\/uploads\/2025\/01\/The-\u2018Housewives-wedding-you-wont-see-on-TV-Page-Six-1-177x300.jpg 177w, https:\/\/gregorpraecht.com\/wp-content\/uploads\/2025\/01\/The-\u2018Housewives-wedding-you-wont-see-on-TV-Page-Six-1-603x1024.jpg 603w, https:\/\/gregorpraecht.com\/wp-content\/uploads\/2025\/01\/The-\u2018Housewives-wedding-you-wont-see-on-TV-Page-Six-1-768x1304.jpg 768w, https:\/\/gregorpraecht.com\/wp-content\/uploads\/2025\/01\/The-\u2018Housewives-wedding-you-wont-see-on-TV-Page-Six-1-904x1536.jpg 904w, https:\/\/gregorpraecht.com\/wp-content\/uploads\/2025\/01\/The-\u2018Housewives-wedding-you-wont-see-on-TV-Page-Six-1-1206x2048.jpg 1206w, https:\/\/gregorpraecht.com\/wp-content\/uploads\/2025\/01\/The-\u2018Housewives-wedding-you-wont-see-on-TV-Page-Six-1-7x12.jpg 7w, https:\/\/gregorpraecht.com\/wp-content\/uploads\/2025\/01\/The-\u2018Housewives-wedding-you-wont-see-on-TV-Page-Six-1-1080x1834.jpg 1080w, https:\/\/gregorpraecht.com\/wp-content\/uploads\/2025\/01\/The-\u2018Housewives-wedding-you-wont-see-on-TV-Page-Six-1-1280x2174.jpg 1280w, https:\/\/gregorpraecht.com\/wp-content\/uploads\/2025\/01\/The-\u2018Housewives-wedding-you-wont-see-on-TV-Page-Six-1-980x1665.jpg 980w, https:\/\/gregorpraecht.com\/wp-content\/uploads\/2025\/01\/The-\u2018Housewives-wedding-you-wont-see-on-TV-Page-Six-1-480x815.jpg 480w\" sizes=\"(max-width: 1507px) 100vw, 1507px\" \/><\/p>\n<p><img decoding=\"async\" src=\"https:\/\/gregorpraecht.com\/wp-content\/uploads\/2025\/01\/panorama_portrait_seiten_1bis6-scaled.jpg\" width=\"1810\" height=\"2560\" alt=\"\" class=\"wp-image-1559 alignnone size-full\" srcset=\"https:\/\/gregorpraecht.com\/wp-content\/uploads\/2025\/01\/panorama_portrait_seiten_1bis6-scaled.jpg 1810w, https:\/\/gregorpraecht.com\/wp-content\/uploads\/2025\/01\/panorama_portrait_seiten_1bis6-1280x1810.jpg 1280w, https:\/\/gregorpraecht.com\/wp-content\/uploads\/2025\/01\/panorama_portrait_seiten_1bis6-980x1386.jpg 980w, https:\/\/gregorpraecht.com\/wp-content\/uploads\/2025\/01\/panorama_portrait_seiten_1bis6-480x679.jpg 480w\" sizes=\"(min-width: 0px) and (max-width: 480px) 480px, (min-width: 481px) and (max-width: 980px) 980px, (min-width: 981px) and (max-width: 1280px) 1280px, (min-width: 1281px) 1810px, 100vw\" \/><img decoding=\"async\" src=\"https:\/\/gregorpraecht.com\/wp-content\/uploads\/2025\/01\/panorama_portrait_seiten_2-scaled.jpg\" width=\"1810\" height=\"2560\" alt=\"\" class=\"wp-image-1558 alignnone size-full\" srcset=\"https:\/\/gregorpraecht.com\/wp-content\/uploads\/2025\/01\/panorama_portrait_seiten_2-scaled.jpg 1810w, https:\/\/gregorpraecht.com\/wp-content\/uploads\/2025\/01\/panorama_portrait_seiten_2-1280x1810.jpg 1280w, https:\/\/gregorpraecht.com\/wp-content\/uploads\/2025\/01\/panorama_portrait_seiten_2-980x1386.jpg 980w, https:\/\/gregorpraecht.com\/wp-content\/uploads\/2025\/01\/panorama_portrait_seiten_2-480x679.jpg 480w\" sizes=\"(min-width: 0px) and (max-width: 480px) 480px, (min-width: 481px) and (max-width: 980px) 980px, (min-width: 981px) and (max-width: 1280px) 1280px, (min-width: 1281px) 1810px, 100vw\" \/><img decoding=\"async\" src=\"https:\/\/gregorpraecht.com\/wp-content\/uploads\/2025\/01\/panorama_portrait_seiten_3-scaled.jpg\" width=\"1810\" height=\"2560\" alt=\"\" class=\"wp-image-1557 alignnone size-full\" srcset=\"https:\/\/gregorpraecht.com\/wp-content\/uploads\/2025\/01\/panorama_portrait_seiten_3-scaled.jpg 1810w, https:\/\/gregorpraecht.com\/wp-content\/uploads\/2025\/01\/panorama_portrait_seiten_3-1280x1810.jpg 1280w, https:\/\/gregorpraecht.com\/wp-content\/uploads\/2025\/01\/panorama_portrait_seiten_3-980x1386.jpg 980w, https:\/\/gregorpraecht.com\/wp-content\/uploads\/2025\/01\/panorama_portrait_seiten_3-480x679.jpg 480w\" sizes=\"(min-width: 0px) and (max-width: 480px) 480px, (min-width: 481px) and (max-width: 980px) 980px, (min-width: 981px) and (max-width: 1280px) 1280px, (min-width: 1281px) 1810px, 100vw\" \/><img decoding=\"async\" src=\"https:\/\/gregorpraecht.com\/wp-content\/uploads\/2025\/01\/panorama_portrait_seiten_4-scaled.jpg\" width=\"1810\" height=\"2560\" alt=\"\" class=\"wp-image-1556 alignnone size-full\" srcset=\"https:\/\/gregorpraecht.com\/wp-content\/uploads\/2025\/01\/panorama_portrait_seiten_4-scaled.jpg 1810w, https:\/\/gregorpraecht.com\/wp-content\/uploads\/2025\/01\/panorama_portrait_seiten_4-1280x1810.jpg 1280w, https:\/\/gregorpraecht.com\/wp-content\/uploads\/2025\/01\/panorama_portrait_seiten_4-980x1386.jpg 980w, https:\/\/gregorpraecht.com\/wp-content\/uploads\/2025\/01\/panorama_portrait_seiten_4-480x679.jpg 480w\" sizes=\"(min-width: 0px) and (max-width: 480px) 480px, (min-width: 481px) and (max-width: 980px) 980px, (min-width: 981px) and (max-width: 1280px) 1280px, (min-width: 1281px) 1810px, 100vw\" \/><img decoding=\"async\" src=\"https:\/\/gregorpraecht.com\/wp-content\/uploads\/2025\/01\/panorama_portrait_seiten_5-scaled.jpg\" width=\"1810\" height=\"2560\" alt=\"\" class=\"wp-image-1555 alignnone size-full\" srcset=\"https:\/\/gregorpraecht.com\/wp-content\/uploads\/2025\/01\/panorama_portrait_seiten_5-scaled.jpg 1810w, https:\/\/gregorpraecht.com\/wp-content\/uploads\/2025\/01\/panorama_portrait_seiten_5-1280x1810.jpg 1280w, https:\/\/gregorpraecht.com\/wp-content\/uploads\/2025\/01\/panorama_portrait_seiten_5-980x1386.jpg 980w, https:\/\/gregorpraecht.com\/wp-content\/uploads\/2025\/01\/panorama_portrait_seiten_5-480x679.jpg 480w\" sizes=\"(min-width: 0px) and (max-width: 480px) 480px, (min-width: 481px) and (max-width: 980px) 980px, (min-width: 981px) and (max-width: 1280px) 1280px, (min-width: 1281px) 1810px, 100vw\" \/><img decoding=\"async\" src=\"https:\/\/gregorpraecht.com\/wp-content\/uploads\/2025\/01\/panorama_portrait_seiten_6-scaled.jpg\" width=\"1810\" height=\"2560\" alt=\"\" class=\"wp-image-1554 alignnone size-full\" srcset=\"https:\/\/gregorpraecht.com\/wp-content\/uploads\/2025\/01\/panorama_portrait_seiten_6-scaled.jpg 1810w, https:\/\/gregorpraecht.com\/wp-content\/uploads\/2025\/01\/panorama_portrait_seiten_6-1280x1810.jpg 1280w, https:\/\/gregorpraecht.com\/wp-content\/uploads\/2025\/01\/panorama_portrait_seiten_6-980x1386.jpg 980w, https:\/\/gregorpraecht.com\/wp-content\/uploads\/2025\/01\/panorama_portrait_seiten_6-480x679.jpg 480w\" sizes=\"(min-width: 0px) and (max-width: 480px) 480px, (min-width: 481px) and (max-width: 980px) 980px, (min-width: 981px) and (max-width: 1280px) 1280px, (min-width: 1281px) 1810px, 100vw\" \/><\/p>\n<p><img decoding=\"async\" src=\"https:\/\/gregorpraecht.com\/wp-content\/uploads\/2025\/09\/WhatsApp-Image-2025-09-13-at-04.15.53.jpeg\" width=\"1162\" height=\"1413\" alt=\"\" class=\"wp-image-1738 alignnone size-full\" srcset=\"https:\/\/gregorpraecht.com\/wp-content\/uploads\/2025\/09\/WhatsApp-Image-2025-09-13-at-04.15.53.jpeg 1162w, https:\/\/gregorpraecht.com\/wp-content\/uploads\/2025\/09\/WhatsApp-Image-2025-09-13-at-04.15.53-980x1192.jpeg 980w, https:\/\/gregorpraecht.com\/wp-content\/uploads\/2025\/09\/WhatsApp-Image-2025-09-13-at-04.15.53-480x584.jpeg 480w\" sizes=\"(min-width: 0px) and (max-width: 480px) 480px, (min-width: 481px) and (max-width: 980px) 980px, (min-width: 981px) 1162px, 100vw\" \/> <img decoding=\"async\" src=\"https:\/\/gregorpraecht.com\/wp-content\/uploads\/2025\/09\/WhatsApp-Image-2025-09-13-at-04.09.18-1.jpeg\" width=\"940\" height=\"1600\" alt=\"\" class=\"wp-image-1737 alignnone size-full\" srcset=\"https:\/\/gregorpraecht.com\/wp-content\/uploads\/2025\/09\/WhatsApp-Image-2025-09-13-at-04.09.18-1.jpeg 940w, https:\/\/gregorpraecht.com\/wp-content\/uploads\/2025\/09\/WhatsApp-Image-2025-09-13-at-04.09.18-1-480x817.jpeg 480w\" sizes=\"(min-width: 0px) and (max-width: 480px) 480px, (min-width: 481px) 940px, 100vw\" \/><\/p>\n<p>&nbsp;<\/p>\n<p>[\/et_pb_toggle][\/et_pb_column][et_pb_column type=&#8220;1_3&#8243; disabled_on=&#8220;on|off|off&#8220; _builder_version=&#8220;4.21.0&#8243; _module_preset=&#8220;default&#8220; border_radii=&#8220;on|36px|36px|36px|36px&#8220; global_colors_info=&#8220;{}&#8220;][et_pb_slider arrows_custom_color=&#8220;#000000&#8243; dot_nav_custom_color=&#8220;#FFFFFF&#8220; _builder_version=&#8220;4.21.0&#8243; _module_preset=&#8220;default&#8220; background_color=&#8220;RGBA(255,255,255,0)&#8220; custom_padding=&#8220;||20px|||&#8220; auto=&#8220;on&#8220; auto_speed=&#8220;4000&#8243; global_colors_info=&#8220;{}&#8220;][et_pb_slide image=&#8220;https:\/\/gregorpraecht.com\/wp-content\/uploads\/2023\/09\/WhatsApp-Image-2023-09-03-at-13.03.28.jpeg&#8220; _builder_version=&#8220;4.21.0&#8243; _module_preset=&#8220;default&#8220; global_colors_info=&#8220;{}&#8220; sticky_transition=&#8220;on&#8220;][\/et_pb_slide][et_pb_slide image=&#8220;https:\/\/gregorpraecht.com\/wp-content\/uploads\/2024\/04\/WhatsApp-Image-2024-04-03-at-06.13.00.jpeg&#8220; _builder_version=&#8220;4.21.0&#8243; _module_preset=&#8220;default&#8220; global_colors_info=&#8220;{}&#8220; sticky_transition=&#8220;on&#8220;][\/et_pb_slide][et_pb_slide image=&#8220;https:\/\/gregorpraecht.com\/wp-content\/uploads\/2023\/08\/WhatsApp-Image-2023-08-29-at-05.37.00.jpeg&#8220; _builder_version=&#8220;4.21.0&#8243; _module_preset=&#8220;default&#8220; global_colors_info=&#8220;{}&#8220; sticky_transition=&#8220;on&#8220;][\/et_pb_slide][et_pb_slide image=&#8220;https:\/\/gregorpraecht.com\/wp-content\/uploads\/2023\/08\/8DA4E3FF-1284-4843-A0C0-9631C2D3AA55.jpg&#8220; _builder_version=&#8220;4.21.0&#8243; _module_preset=&#8220;default&#8220; global_colors_info=&#8220;{}&#8220; sticky_transition=&#8220;on&#8220;][\/et_pb_slide][\/et_pb_slider][\/et_pb_column][\/et_pb_row][et_pb_row disabled_on=&#8220;off|on|on&#8220; _builder_version=&#8220;4.21.0&#8243; _module_preset=&#8220;default&#8220; width=&#8220;90%&#8220; max_width=&#8220;1638px&#8220; global_colors_info=&#8220;{}&#8220;][et_pb_column type=&#8220;4_4&#8243; _builder_version=&#8220;4.21.0&#8243; _module_preset=&#8220;default&#8220; global_colors_info=&#8220;{}&#8220;][et_pb_slider _builder_version=&#8220;4.21.0&#8243; _module_preset=&#8220;default&#8220; min_height=&#8220;350px&#8220; border_radii=&#8220;on|4px|4px|4px|4px&#8220; border_width_all=&#8220;0px&#8220; global_colors_info=&#8220;{}&#8220;][et_pb_slide _builder_version=&#8220;4.21.0&#8243; _module_preset=&#8220;default&#8220; background_color=&#8220;RGBA(255,255,255,0)&#8220; background_enable_color=&#8220;on&#8220; background_image=&#8220;https:\/\/gregorpraecht.com\/wp-content\/uploads\/2023\/08\/IMG_8618-scaled.jpg&#8220; background_enable_image=&#8220;on&#8220; background_position=&#8220;top_center&#8220; border_radii_image=&#8220;on|2px|2px|2px|2px&#8220; border_width_all_image=&#8220;0px&#8220; global_colors_info=&#8220;{}&#8220; sticky_transition=&#8220;on&#8220;][\/et_pb_slide][et_pb_slide _builder_version=&#8220;4.21.0&#8243; _module_preset=&#8220;default&#8220; background_color=&#8220;RGBA(255,255,255,0)&#8220; background_enable_color=&#8220;on&#8220; background_image=&#8220;https:\/\/gregorpraecht.com\/wp-content\/uploads\/2023\/08\/WhatsApp-Image-2023-08-29-at-05.37.00.jpeg&#8220; background_enable_image=&#8220;on&#8220; global_colors_info=&#8220;{}&#8220; sticky_transition=&#8220;on&#8220;][\/et_pb_slide][et_pb_slide _builder_version=&#8220;4.21.0&#8243; _module_preset=&#8220;default&#8220; background_color=&#8220;RGBA(255,255,255,0)&#8220; background_enable_color=&#8220;on&#8220; background_image=&#8220;https:\/\/gregorpraecht.com\/wp-content\/uploads\/2023\/08\/8DA4E3FF-1284-4843-A0C0-9631C2D3AA55.jpg&#8220; background_enable_image=&#8220;on&#8220; global_colors_info=&#8220;{}&#8220; sticky_transition=&#8220;on&#8220;][\/et_pb_slide][\/et_pb_slider][\/et_pb_column][\/et_pb_row][et_pb_row disabled_on=&#8220;on|on|off&#8220; _builder_version=&#8220;4.21.0&#8243; _module_preset=&#8220;default&#8220; background_color=&#8220;RGBA(255,255,255,0)&#8220; positioning=&#8220;fixed&#8220; position_origin_f=&#8220;top_right&#8220; vertical_offset=&#8220;134px&#8220; z_index=&#8220;100&#8243; width=&#8220;225px&#8220; max_width=&#8220;2560px&#8220; height=&#8220;400px&#8220; custom_margin=&#8220;0px|0px|0px|0px|false|false&#8220; custom_padding=&#8220;0px|0px|0px|0px|false|false&#8220; global_module=&#8220;1511&#8243; saved_tabs=&#8220;all&#8220; global_colors_info=&#8220;{}&#8220;][et_pb_column type=&#8220;4_4&#8243; _builder_version=&#8220;4.21.0&#8243; _module_preset=&#8220;default&#8220; global_colors_info=&#8220;{}&#8220;][et_pb_button button_url=&#8220;\/gallery&#8220; button_text=&#8220;Gallerie&#8220; button_alignment=&#8220;right&#8220; _builder_version=&#8220;4.21.0&#8243; _module_preset=&#8220;default&#8220; custom_button=&#8220;on&#8220; button_bg_color=&#8220;#FFFFFF&#8220; button_border_radius=&#8220;57px&#8220; button_font=&#8220;Playfair Display||||||||&#8220; positioning=&#8220;relative&#8220; position_origin_r=&#8220;bottom_right&#8220; custom_margin=&#8220;|10px|9px||false|false&#8220; custom_padding=&#8220;||||false|false&#8220; global_colors_info=&#8220;{}&#8220;][\/et_pb_button][et_pb_button button_url=&#8220;@ET-DC@eyJkeW5hbWljIjp0cnVlLCJjb250ZW50IjoicG9zdF9saW5rX3VybF9wYWdlIiwic2V0dGluZ3MiOnsicG9zdF9pZCI6IjE1MDMifX0=@&#8220; button_text=&#8220;Catalogue&#8220; button_alignment=&#8220;right&#8220; _builder_version=&#8220;4.21.0&#8243; _dynamic_attributes=&#8220;button_url&#8220; _module_preset=&#8220;default&#8220; custom_button=&#8220;on&#8220; button_bg_color=&#8220;#FFFFFF&#8220; button_border_radius=&#8220;57px&#8220; button_font=&#8220;Playfair Display||||||||&#8220; positioning=&#8220;relative&#8220; custom_margin=&#8220;|10px|11px||false|false&#8220; global_colors_info=&#8220;{}&#8220;][\/et_pb_button][et_pb_button button_url=&#8220;@ET-DC@eyJkeW5hbWljIjp0cnVlLCJjb250ZW50IjoicG9zdF9saW5rX3VybF9wYWdlIiwic2V0dGluZ3MiOnsicG9zdF9pZCI6IjE0OTQifX0=@&#8220; button_text=&#8220;Biography&#8220; button_alignment=&#8220;right&#8220; _builder_version=&#8220;4.21.0&#8243; _dynamic_attributes=&#8220;button_url&#8220; _module_preset=&#8220;default&#8220; custom_button=&#8220;on&#8220; button_bg_color=&#8220;#FFFFFF&#8220; button_border_radius=&#8220;57px&#8220; button_font=&#8220;Playfair Display||||||||&#8220; positioning=&#8220;relative&#8220; custom_margin=&#8220;|10px|11px||false|false&#8220; global_colors_info=&#8220;{}&#8220;][\/et_pb_button][et_pb_button button_url=&#8220;https:\/\/spesmusica.com&#8220; url_new_window=&#8220;on&#8220; button_text=&#8220;Spesmusica&#8220; button_alignment=&#8220;right&#8220; module_id=&#8220;grow&#8220; module_class=&#8220;grow&#8220; _builder_version=&#8220;4.21.0&#8243; _module_preset=&#8220;default&#8220; custom_button=&#8220;on&#8220; button_bg_color=&#8220;#FFFFFF&#8220; button_border_radius=&#8220;57px&#8220; button_font=&#8220;Playfair Display||||||||&#8220; positioning=&#8220;relative&#8220; custom_margin=&#8220;|10px|12px||false|false&#8220; custom_css_main_element=&#8220;.grow {||  text-align: center;||  animation: grow-animation 2s linear infinite;||}||||@keyframes grow-animation {||  0% { transform: scale(1); }||  50% {transform: scale(1.03); }||  100% {transform: scale(1); }||}&#8220; global_colors_info=&#8220;{}&#8220;][\/et_pb_button][et_pb_button button_url=&#8220;https:\/\/matchspace-music.ch\/ch-de\/teachers\/gregor-pracht&#8220; button_text=&#8220;Coaching&#8220; button_alignment=&#8220;right&#8220; _builder_version=&#8220;4.21.0&#8243; _module_preset=&#8220;default&#8220; custom_button=&#8220;on&#8220; button_bg_color=&#8220;#FFFFFF&#8220; button_border_radius=&#8220;57px&#8220; button_font=&#8220;Playfair Display||||||||&#8220; positioning=&#8220;relative&#8220; custom_margin=&#8220;|10px|12px||false|false&#8220; global_colors_info=&#8220;{}&#8220;][\/et_pb_button][et_pb_button button_url=&#8220;@ET-DC@eyJkeW5hbWljIjp0cnVlLCJjb250ZW50IjoicG9zdF9saW5rX3VybF9wYWdlIiwic2V0dGluZ3MiOnsicG9zdF9pZCI6IjgifX0=@&#8220; button_text=&#8220;Jingles&#8220; button_alignment=&#8220;right&#8220; _builder_version=&#8220;4.21.0&#8243; _dynamic_attributes=&#8220;button_url&#8220; _module_preset=&#8220;default&#8220; custom_button=&#8220;on&#8220; button_bg_color=&#8220;#FFFFFF&#8220; button_border_radius=&#8220;57px&#8220; button_font=&#8220;Playfair Display||||||||&#8220; positioning=&#8220;relative&#8220; custom_margin=&#8220;|10px|12px||false|false&#8220; global_colors_info=&#8220;{}&#8220;][\/et_pb_button][\/et_pb_column][\/et_pb_row][\/et_pb_section][et_pb_section fb_built=&#8220;1&#8243; theme_builder_area=&#8220;post_content&#8220; _builder_version=&#8220;4.21.0&#8243; _module_preset=&#8220;default&#8220;][et_pb_row _builder_version=&#8220;4.21.0&#8243; _module_preset=&#8220;default&#8220; theme_builder_area=&#8220;post_content&#8220;][et_pb_column _builder_version=&#8220;4.21.0&#8243; _module_preset=&#8220;default&#8220; theme_builder_area=&#8220;post_content&#8220; type=&#8220;4_4&#8243;][\/et_pb_column][\/et_pb_row][\/et_pb_section]<\/p>","protected":false},"excerpt":{"rendered":"<p>Biographie Tenor &#8211; Komponist &#8211; ProduzentGregor Pr\u00e4cht ist ein vielseitiger Tenor und Musiker, der auch als Texter, Komponist und Produzent erfolgreich ist. Schon in jungen Jahren zeigte er sein Talent, trat mit 11 Jahren auf dem N\u00fcrnberger Christkindlesmarkt auf und sang mit 15 Jahren im United States Army Gospelchor. Er studierte bei renommierten Lehrern wie [&hellip;]<\/p>","protected":false},"author":1,"featured_media":0,"parent":0,"menu_order":0,"comment_status":"closed","ping_status":"closed","template":"","meta":{"_et_pb_use_builder":"on","_et_pb_old_content":"","_et_gb_content_width":"","footnotes":""},"class_list":["post-1494","page","type-page","status-publish","hentry"],"yoast_head":"<!-- This site is optimized with the Yoast SEO plugin v21.0 - https:\/\/yoast.com\/wordpress\/plugins\/seo\/ -->\n<title>Biographie - Gregor Pr\u00e4cht<\/title>\n<meta name=\"robots\" content=\"index, follow, max-snippet:-1, max-image-preview:large, max-video-preview:-1\" \/>\n<link rel=\"canonical\" href=\"http:\/\/gregorpraecht.com\/en\/biographie\/\" \/>\n<meta property=\"og:locale\" content=\"en_US\" \/>\n<meta property=\"og:type\" content=\"article\" \/>\n<meta property=\"og:title\" content=\"Biographie - Gregor Pr\u00e4cht\" \/>\n<meta property=\"og:description\" content=\"Biographie Tenor - Komponist - ProduzentGregor Pr\u00e4cht ist ein vielseitiger Tenor und Musiker, der auch als Texter, Komponist und Produzent erfolgreich ist. Schon in jungen Jahren zeigte er sein Talent, trat mit 11 Jahren auf dem N\u00fcrnberger Christkindlesmarkt auf und sang mit 15 Jahren im United States Army Gospelchor. Er studierte bei renommierten Lehrern wie [&hellip;]\" \/>\n<meta property=\"og:url\" content=\"http:\/\/gregorpraecht.com\/en\/biographie\/\" \/>\n<meta property=\"og:site_name\" content=\"Gregor Pr\u00e4cht\" \/>\n<meta property=\"article:modified_time\" content=\"2025-09-13T11:46:34+00:00\" \/>\n<meta property=\"og:image\" content=\"https:\/\/gregorpraecht.com\/wp-content\/uploads\/2024\/04\/IMG_9580-rotated.jpg\" \/>\n<meta name=\"twitter:card\" content=\"summary_large_image\" \/>\n<script type=\"application\/ld+json\" class=\"yoast-schema-graph\">{\"@context\":\"https:\/\/schema.org\",\"@graph\":[{\"@type\":\"WebPage\",\"@id\":\"https:\/\/gregorpraecht.com\/de\/biographie\/\",\"url\":\"https:\/\/gregorpraecht.com\/de\/biographie\/\",\"name\":\"Biographie - Gregor Pr\u00e4cht\",\"isPartOf\":{\"@id\":\"https:\/\/gregorpraecht.com\/#website\"},\"datePublished\":\"2025-01-12T12:56:12+00:00\",\"dateModified\":\"2025-09-13T11:46:34+00:00\",\"breadcrumb\":{\"@id\":\"https:\/\/gregorpraecht.com\/de\/biographie\/#breadcrumb\"},\"inLanguage\":\"en-US\",\"potentialAction\":[{\"@type\":\"ReadAction\",\"target\":[\"https:\/\/gregorpraecht.com\/de\/biographie\/\"]}]},{\"@type\":\"BreadcrumbList\",\"@id\":\"https:\/\/gregorpraecht.com\/de\/biographie\/#breadcrumb\",\"itemListElement\":[{\"@type\":\"ListItem\",\"position\":1,\"name\":\"Startseite\",\"item\":\"https:\/\/gregorpraecht.com\/de\/\"},{\"@type\":\"ListItem\",\"position\":2,\"name\":\"Biographie\"}]},{\"@type\":\"WebSite\",\"@id\":\"https:\/\/gregorpraecht.com\/#website\",\"url\":\"https:\/\/gregorpraecht.com\/\",\"name\":\"Gregor Pr\u00e4cht\",\"description\":\"Jingle Man - Tenor - Produzent\",\"publisher\":{\"@id\":\"https:\/\/gregorpraecht.com\/#\/schema\/person\/2a9d9ed99da59416772d81edbf32c19f\"},\"alternateName\":\"The Jingle Man\",\"potentialAction\":[{\"@type\":\"SearchAction\",\"target\":{\"@type\":\"EntryPoint\",\"urlTemplate\":\"https:\/\/gregorpraecht.com\/?s={search_term_string}\"},\"query-input\":\"required name=search_term_string\"}],\"inLanguage\":\"en-US\"},{\"@type\":[\"Person\",\"Organization\"],\"@id\":\"https:\/\/gregorpraecht.com\/#\/schema\/person\/2a9d9ed99da59416772d81edbf32c19f\",\"name\":\"Gregor Pr\u00e4cht\",\"image\":{\"@type\":\"ImageObject\",\"inLanguage\":\"en-US\",\"@id\":\"https:\/\/gregorpraecht.com\/#\/schema\/person\/image\/\",\"url\":\"https:\/\/gregorpraecht.com\/wp-content\/uploads\/2023\/08\/WhatsApp-Image-2023-08-24-at-17.57.37.jpeg\",\"contentUrl\":\"https:\/\/gregorpraecht.com\/wp-content\/uploads\/2023\/08\/WhatsApp-Image-2023-08-24-at-17.57.37.jpeg\",\"width\":1575,\"height\":1575,\"caption\":\"Gregor Pr\u00e4cht\"},\"logo\":{\"@id\":\"https:\/\/gregorpraecht.com\/#\/schema\/person\/image\/\"},\"sameAs\":[\"http:\/\/gregorpraecht.com\",\"https:\/\/www.instagram.com\/gregorpraechtmusic\/\"]}]}<\/script>\n<!-- \/ Yoast SEO plugin. -->","yoast_head_json":{"title":"Biographie - Gregor Pr\u00e4cht","robots":{"index":"index","follow":"follow","max-snippet":"max-snippet:-1","max-image-preview":"max-image-preview:large","max-video-preview":"max-video-preview:-1"},"canonical":"http:\/\/gregorpraecht.com\/en\/biographie\/","og_locale":"en_US","og_type":"article","og_title":"Biographie - Gregor Pr\u00e4cht","og_description":"Biographie Tenor - Komponist - ProduzentGregor Pr\u00e4cht ist ein vielseitiger Tenor und Musiker, der auch als Texter, Komponist und Produzent erfolgreich ist. Schon in jungen Jahren zeigte er sein Talent, trat mit 11 Jahren auf dem N\u00fcrnberger Christkindlesmarkt auf und sang mit 15 Jahren im United States Army Gospelchor. Er studierte bei renommierten Lehrern wie [&hellip;]","og_url":"http:\/\/gregorpraecht.com\/en\/biographie\/","og_site_name":"Gregor Pr\u00e4cht","article_modified_time":"2025-09-13T11:46:34+00:00","og_image":[{"url":"https:\/\/gregorpraecht.com\/wp-content\/uploads\/2024\/04\/IMG_9580-rotated.jpg"}],"twitter_card":"summary_large_image","schema":{"@context":"https:\/\/schema.org","@graph":[{"@type":"WebPage","@id":"https:\/\/gregorpraecht.com\/de\/biographie\/","url":"https:\/\/gregorpraecht.com\/de\/biographie\/","name":"Biographie - Gregor Pr\u00e4cht","isPartOf":{"@id":"https:\/\/gregorpraecht.com\/#website"},"datePublished":"2025-01-12T12:56:12+00:00","dateModified":"2025-09-13T11:46:34+00:00","breadcrumb":{"@id":"https:\/\/gregorpraecht.com\/de\/biographie\/#breadcrumb"},"inLanguage":"en-US","potentialAction":[{"@type":"ReadAction","target":["https:\/\/gregorpraecht.com\/de\/biographie\/"]}]},{"@type":"BreadcrumbList","@id":"https:\/\/gregorpraecht.com\/de\/biographie\/#breadcrumb","itemListElement":[{"@type":"ListItem","position":1,"name":"Startseite","item":"https:\/\/gregorpraecht.com\/de\/"},{"@type":"ListItem","position":2,"name":"Biographie"}]},{"@type":"WebSite","@id":"https:\/\/gregorpraecht.com\/#website","url":"https:\/\/gregorpraecht.com\/","name":"Gregor Pr\u00e4cht","description":"Jingle Man - Tenor - Produzent","publisher":{"@id":"https:\/\/gregorpraecht.com\/#\/schema\/person\/2a9d9ed99da59416772d81edbf32c19f"},"alternateName":"The Jingle Man","potentialAction":[{"@type":"SearchAction","target":{"@type":"EntryPoint","urlTemplate":"https:\/\/gregorpraecht.com\/?s={search_term_string}"},"query-input":"required name=search_term_string"}],"inLanguage":"en-US"},{"@type":["Person","Organization"],"@id":"https:\/\/gregorpraecht.com\/#\/schema\/person\/2a9d9ed99da59416772d81edbf32c19f","name":"Gregor Pr\u00e4cht","image":{"@type":"ImageObject","inLanguage":"en-US","@id":"https:\/\/gregorpraecht.com\/#\/schema\/person\/image\/","url":"https:\/\/gregorpraecht.com\/wp-content\/uploads\/2023\/08\/WhatsApp-Image-2023-08-24-at-17.57.37.jpeg","contentUrl":"https:\/\/gregorpraecht.com\/wp-content\/uploads\/2023\/08\/WhatsApp-Image-2023-08-24-at-17.57.37.jpeg","width":1575,"height":1575,"caption":"Gregor Pr\u00e4cht"},"logo":{"@id":"https:\/\/gregorpraecht.com\/#\/schema\/person\/image\/"},"sameAs":["http:\/\/gregorpraecht.com","https:\/\/www.instagram.com\/gregorpraechtmusic\/"]}]}},"_links":{"self":[{"href":"http:\/\/gregorpraecht.com\/en\/wp-json\/wp\/v2\/pages\/1494","targetHints":{"allow":["GET"]}}],"collection":[{"href":"http:\/\/gregorpraecht.com\/en\/wp-json\/wp\/v2\/pages"}],"about":[{"href":"http:\/\/gregorpraecht.com\/en\/wp-json\/wp\/v2\/types\/page"}],"author":[{"embeddable":true,"href":"http:\/\/gregorpraecht.com\/en\/wp-json\/wp\/v2\/users\/1"}],"replies":[{"embeddable":true,"href":"http:\/\/gregorpraecht.com\/en\/wp-json\/wp\/v2\/comments?post=1494"}],"version-history":[{"count":16,"href":"http:\/\/gregorpraecht.com\/en\/wp-json\/wp\/v2\/pages\/1494\/revisions"}],"predecessor-version":[{"id":1739,"href":"http:\/\/gregorpraecht.com\/en\/wp-json\/wp\/v2\/pages\/1494\/revisions\/1739"}],"wp:attachment":[{"href":"http:\/\/gregorpraecht.com\/en\/wp-json\/wp\/v2\/media?parent=1494"}],"curies":[{"name":"wp","href":"https:\/\/api.w.org\/{rel}","templated":true}]}}